{"id":2190,"date":"2017-09-15T20:08:06","date_gmt":"2017-09-15T19:08:06","guid":{"rendered":"http:\/\/161.116.26.48\/investigadores\/grupos-investigacion-ub\/magna-ars\/"},"modified":"2017-11-23T15:26:15","modified_gmt":"2017-11-23T14:26:15","slug":"magna-ars","status":"publish","type":"page","link":"https:\/\/www.fbg.ub.edu\/es\/investigadores\/grupos-investigacion-ub\/magna-ars\/","title":{"rendered":"MAGNA ARS"},"content":{"rendered":"<h3>Presentaci\u00f3<\/h3>\n<p>Els membres del grup de recerca consolidat <em>Magna Ars<\/em> centren les seves investigacions en <strong>l\u2019art g\u00f2tic dins el marc geogr\u00e0fic de l\u2019antiga Corona d\u2019Arag\u00f3<\/strong>. \u00a0El camp concret de recerca \u00e9s divers perqu\u00e8 els seus integrants s\u2019han especialitzat en diferents \u00e0mbits art\u00edstics del per\u00edode tot i que complementaris (arquitectura, escultura, arts del color o arts sumptu\u00e0ries). Aquesta diversitat, juntament amb la utilitzaci\u00f3 de diferents enfocaments metodol\u00f2gics (treball d\u2019arxiu, an\u00e0lisi formal i iconogr\u00e0fica, sociol\u00f2gic, etc.), ha portat a l\u2019obtenci\u00f3 de resultats molt enriquidors. Actualment, l\u2019arquitectura s\u2019ha convertit en una de les prioritats investigadores del grup.<\/p>\n<p><em>Magna Ars<\/em> \u00e9s un grup de recerca vinculat al Departament d\u2019Hist\u00f2ria de l\u2019Art de la Universitat de Barcelona.\u00a0 Tamb\u00e9 forma part de l\u2019Institut de Recerca de Cultures Medievals de la UB (IRCUM).<\/p>\n<h3>QU\u00c8 FEM<\/h3>\n<h4>Serveis<\/h4>\n<ul>\n<li><strong>MNAC<\/strong> . Participaci\u00f3 de la Dra. R. Ter\u00e9s en el projecte museogr\u00e0fic de g\u00f2tic (1991-1993).<\/li>\n<li><strong>Fundaci\u00f3 Enciclop\u00e8dia Catalana. <\/strong>Coordinaci\u00f3 (2 volums d\u2019arquitectura, J. Bracons, i 2 volums d\u2019escultura, R. Ter\u00e9s) i publicaci\u00f3 d\u2019estudis per part dels diferents membres del grup en l\u2019obra de refer\u00e8ncia <strong>\u201cL\u2019art g\u00f2tic a Catalunya\u201d<\/strong> (2005-2008). M\u00e9s recentment, participaci\u00f3 en l\u2019obra <strong>\u201cJoies del g\u00f2tic catal\u00e0\u201d<\/strong> (2013), promoguda per la mateixa editorial.<\/li>\n<li><strong>URCOTEX<\/strong>. Participaci\u00f3 del Dr. Antoni Conejo en els treballs de restauraci\u00f3 de la catedral de Tarragona, assessorant l\u2019equip d\u2019arquitectes responsable de la restauraci\u00f3 i l\u2019empresa constructora responsable dels treballs (URCOTEX). Elaboraci\u00f3 de l\u2019informe<em> La catedral de Tarragona. Informe hist\u00f3rico, art\u00edstico y arquitect\u00f3nico (Campa\u00f1a de restauraci\u00f3n 2010-2012).<\/em><\/li>\n<li><strong>CNRS i <\/strong><strong>MARSC<\/strong>. Participaci\u00f3 en el <em>Projet International de Cooperation Scientifique: Charpentes de M\u00e9diterran\u00e9e (XIIIe-XVIIIe s, <\/em>dut a terme en col\u00b7laboraci\u00f3 amb el CNRS (Par\u00eds) i el MARSC (Metodiche Analitiche per il Restauro e la Conservazione del Costruito) vinculado a la Universit\u00e0 degli studi de Genova (J.Domenge, A. Conejo, M. Bernaus, J. Vidal),<\/li>\n<li><strong>Museu de Tortosa, Hist\u00f2ric i Arqueol\u00f2gic de les Terres de l\u2019Ebre<\/strong>. Informes de catalogaci\u00f3 i descatalogaci\u00f3 de peces muse\u00edstiques. Tamb\u00e9, assessorament en el proc\u00e9s d\u2019inventari i de projecte museogr\u00e0fic (2002-2012), (Dr. J. Vidal).<\/li>\n<li><strong>Museu de l\u2019Ebre<\/strong>. Comissariat d\u2019exposici\u00f3 (2007-2008).<\/li>\n<li><strong>Patrimoni 2.0<\/strong>. Assessorament i participaci\u00f3 en diverses jornades cient\u00edfiques.<\/li>\n<li><strong><em>Direcci\u00f3n General de Bellas Artes y Bienes Culturales<\/em><\/strong><strong> i la <em>Universitat Polit\u00e8cnica<\/em><em> de Catalunya<\/em><\/strong><em>. <\/em>Redacci\u00f3 de dos dictamens informatius i documentals de la catedral de Palma de Mallorca (Joan Domenge i Antoni Conejo).<\/li>\n<\/ul>\n<h3>PER A QUI TREBALLEM<\/h3>\n<h4>Sectors industrials<\/h4>\n<ul>\n<li>Museu Nacional d\u2019Art de Catalunya (MNAC)<\/li>\n<li>Editorial Enciclop\u00e8dia catalana<\/li>\n<li>Biblioteca de Catalunya<\/li>\n<li>Fundaci\u00f3 privada de l\u2019Hospital de la Santa Creu i Sant Pau<\/li>\n<li>Centro Interdipartimentale per lo Studio dell\u2019Ospedale di Santa Maria\u00a0 della Scala, Universit\u00e0 degli Studi di Siena.<\/li>\n<li>AADIPA (<em>Agrupaci\u00f3 d\u2019Arquitectes per a la \u00a0Defensa i la Intervenci\u00f3 en el Patrimoni Arquitect\u00f2nic<\/em>)<\/li>\n<li>URCOTEX\u00a0 (Empresa constructora responsable dels treballs de rehabilitaci\u00f3 de la catedral de Tarragona).<\/li>\n<li>CNRS (<em>Centre National de la Recherche Scientifique<\/em>), Par\u00eds.<\/li>\n<li>MARSC (Metodiche Analitiche per il Restauro e la Conservazione del Costruito), Universit\u00e0 degli studi de Genova.<\/li>\n<li>AGORA (Empresa restauradora de la catedral de Tarragona i de l\u2019hospital de l\u2019Hospitalet de l\u2019Infant.<\/li>\n<li>Museu de Tortosa, Hist\u00f2ric i Arqueol\u00f2gic\u00a0 de les Terres de l\u2019Ebre.<\/li>\n<li>ACBEB (Arxiu Comarcal del Baix Ebre)<\/li>\n<li>Museu de l\u2019Ebre.<\/li>\n<li>Patrimoni 2.0<\/li>\n<li>Ministerio de Educaci\u00f3n, Cultura y Deporte (Direcci\u00f3n General de Bellas Artes y Bienes Culturales) y la Universitat Polit\u00e8cnica de Barcelona<\/li>\n<\/ul>\n<h3>RECERCA<\/h3>\n<h4>Projectes de recerca<\/h4>\n<ul>\n<li><em>Projet International de Cooperation Scientifique: Charpentes de M\u00e9diterran\u00e9e (XIIIe-XVIIIe <\/em>, dut a terme amb la col\u00b7laboraci\u00f3 del CNRS (Par\u00eds) y del MARSC (Metodiche Analitiche per il Restauro e la Conservazione del Costruito) vinculat a la Universit\u00e0 degli studi de Genova (J.Domenge, A. Conejo, M. Bernaus, J. Vidal).<\/li>\n<li>Projecte internacional <em>Les transferts artistiques dans l\u2019Europe gothique (XIIe-XVIe): \u00e9changes, circulations et p\u00e9rmeabilit\u00e9 <\/em>(Institut National d\u2019Histoire de l\u2019Art [INHA], Par\u00eds) (J. Domenge).<\/li>\n<li>Projecte d\u2019I+D+I (HAR2010-18498): <em>La Corona de Arag\u00f3n y las Cortes septentrionales: contactos art\u00edsticos en \u00e9poca g\u00f3tica<\/em> (Ministerio de Econom\u00eda y Competitividad). Finalitzaci\u00f3: juliol de 2014.<\/li>\n<\/ul>\n<h3>RESULTATS<\/h3>\n<p><strong>Activitats de transfer\u00e8ncia<\/strong><\/p>\n<ul>\n<li>Joan Domenge i Antoni Conejo. Informe t\u00e8cnic \u201cEstablecimiento y dataci\u00f3n de las diferentes reparaciones y reformas constructivas de la catedral [de Palma de Mallorca] a lo largo de la historia I: 1575\u20131775\u201d,<\/li>\n<li>Antoni Conejo i Imma Lor\u00e9s. \u201cEl claustre de la Seu Vella de Lleida: Arquitectura, escultura i evoluci\u00f3 constructiva\u201d, encarregat per la Direcci\u00f3 General de Patrimoni de la Generalitat de Catalunya; Departament de Cultura (Lleida). Any 2004.<\/li>\n<li>Joan Domenge i Antoni Conejo. Informe t\u00e8cnic \u201cEstablecimiento y dataci\u00f3n de las diferentes reparaciones y reformas constructivas de la catedral [de Palma de Mallorca] a lo largo de la historia II: Fachada.<\/li>\n<li>Antoni Conejo, amb al col\u00b7laboraci\u00f3 de Jacobo Vidal. \u201cL\u2019hospital del Coll de Balaguer de l\u2019infant Pere (L\u2019Hospitalet de l\u2019Infant). Informe hist\u00f2ric i art\u00edstic\u201d corresponent al \u201cPlan Director de rehabilitaci\u00f3n y recuperaci\u00f3n del conjunto edificado del antiguo hospital de l\u2019Hospitalet de l\u2019Infant\u201d<\/li>\n<li>Antoni Conejo. \u201cEl claustro de la catedral de Tarragona. Informe hist\u00f3rico, art\u00edstico y arquitect\u00f3nico\u201d<\/li>\n<\/ul>\n<h4>Publicacions rellevants<\/h4>\n<ul>\n<li><em>Gli ultimi Independenti. (Architetti del gotico nel Mediterraneo tra XV e XVI secolo, <\/em>ed, Caracol, Palerm, 2007. Inclou tres articles sobre els arquitectes <em>Arnau Bargu\u00e9s<\/em>, <em>Guillem Sagrera<\/em> i <em>Marc Safont<\/em>, a cura respectivament de R. Ter\u00e9s (pp. 23-45), J. Domenge (pp. 59-93) i A. Conejo (pp.95-114).<\/li>\n<li>Domenge Mesquida, Joan: \u201cGuillem Sagrera et <em>lo modern de son temps<\/em>\u201d, <em>Revue de l\u2019Art<\/em>, 166, 2009, 77\u201390.<\/li>\n<li>Vidal, \u00abL&#8217;activitat quotidiana d&#8217;un mestre de cases medieval. Bernat Gual, 1405-1453\u00bb, <em>Anuario de Estudios Medievales<\/em>, 43\/2 (2013), p. 1079-1104.<\/li>\n<li><em>Catalunya 1400. El G\u00f2tic Internacional.<\/em> (Cat\u00e0leg de l\u2019exposici\u00f3), MNAC, Barcelona, 2012. Textos marc sobre escultura i orfebreria a c\u00e0rrec respectivament de R. Ter\u00e9s (pp. 81-93) i J. Domenge (pp. 65-79).<\/li>\n<\/ul>\n","protected":false},"excerpt":{"rendered":"<p>Presentaci\u00f3 Els membres del grup de recerca consolidat Magna Ars centren les seves investigacions en l\u2019art g\u00f2tic dins el marc&#8230;<\/p>\n","protected":false},"author":1,"featured_media":3898,"parent":1469,"menu_order":0,"comment_status":"closed","ping_status":"closed","template":"page-grupsrecerca.php","meta":{"_acf_changed":false,"inline_featured_image":false,"_monsterinsights_skip_tracking":false,"_monsterinsights_sitenote_active":false,"_monsterinsights_sitenote_note":"","_monsterinsights_sitenote_category":0,"footnotes":""},"class_list":["post-2190","page","type-page","status-publish","has-post-thumbnail","hentry"],"acf":[],"_links":{"self":[{"href":"https:\/\/www.fbg.ub.edu\/es\/wp-json\/wp\/v2\/pages\/2190","targetHints":{"allow":["GET"]}}],"collection":[{"href":"https:\/\/www.fbg.ub.edu\/es\/wp-json\/wp\/v2\/pages"}],"about":[{"href":"https:\/\/www.fbg.ub.edu\/es\/wp-json\/wp\/v2\/types\/page"}],"author":[{"embeddable":true,"href":"https:\/\/www.fbg.ub.edu\/es\/wp-json\/wp\/v2\/users\/1"}],"replies":[{"embeddable":true,"href":"https:\/\/www.fbg.ub.edu\/es\/wp-json\/wp\/v2\/comments?post=2190"}],"version-history":[{"count":1,"href":"https:\/\/www.fbg.ub.edu\/es\/wp-json\/wp\/v2\/pages\/2190\/revisions"}],"predecessor-version":[{"id":3902,"href":"https:\/\/www.fbg.ub.edu\/es\/wp-json\/wp\/v2\/pages\/2190\/revisions\/3902"}],"up":[{"embeddable":true,"href":"https:\/\/www.fbg.ub.edu\/es\/wp-json\/wp\/v2\/pages\/1469"}],"wp:featuredmedia":[{"embeddable":true,"href":"https:\/\/www.fbg.ub.edu\/es\/wp-json\/wp\/v2\/media\/3898"}],"wp:attachment":[{"href":"https:\/\/www.fbg.ub.edu\/es\/wp-json\/wp\/v2\/media?parent=2190"}],"curies":[{"name":"wp","href":"https:\/\/api.w.org\/{rel}","templated":true}]}}