{"id":2174,"date":"2017-09-15T19:57:14","date_gmt":"2017-09-15T18:57:14","guid":{"rendered":"http:\/\/161.116.26.48\/investigadores\/grupos-investigacion-ub\/grup-fone\/"},"modified":"2017-11-22T13:10:14","modified_gmt":"2017-11-22T12:10:14","slug":"grup-fone","status":"publish","type":"page","link":"https:\/\/www.fbg.ub.edu\/es\/investigadores\/grupos-investigacion-ub\/grup-fone\/","title":{"rendered":"Grup Fon\u00e9"},"content":{"rendered":"<h3>Presentaci\u00f3<\/h3>\n<p>El grup de recerca Fon\u00e9 de la Universitat de Barcelona est\u00e0 integrat per un equip interdisciplinari que t\u00e9 al so i a la m\u00fasica com a eixos centrals de les seves aplicacions. La ment i el cos s\u00f3n sensibles a la percepci\u00f3 dels sons, per aix\u00f2 actualment es parla de diferents tipus de tractaments amb m\u00fasica i sons que tenen una finalitat terap\u00e8utica.<\/p>\n<p>El grup Fon\u00e9 centra la seva recerca en l&#8217;an\u00e0lisi i processament del so des d&#8217;un punt de vista cerebral i emocional. Els objectius del grup s\u00f3n: avaluar la percepci\u00f3 sonora en l\u2019\u00e0mbit terap\u00e8utic en els diferents perfils i grups d&#8217;estudi per a desenvolupar la m\u00fasica o creaci\u00f3 sonora, elaborar estudis que permetin una correcta transfer\u00e8ncia en la creaci\u00f3 sonora, i crear obres d&#8217;art i kits pedag\u00f2gics per utilitzar en diferents entorns i contextos.<\/p>\n<h3>QU\u00c8 FEM<\/h3>\n<h4>Serveis<\/h4>\n<ul>\n<li>\u00c0mbit de la salut: oncologia i Alzheimer.<\/li>\n<li>\u00c0mbit de la inclusi\u00f3 social: malalts mentals.<\/li>\n<li>\u00c0mbit de la cultura: gesti\u00f3 cultural, exposicions, composicions per a l&#8217;audiovisual, composicions de bandes sonores.<\/li>\n<li>\u00c0mbit pedag\u00f2gic: escoles de prim\u00e0ria, secund\u00e0ria i de m\u00fasica.<\/li>\n<\/ul>\n<p>&nbsp;<\/p>\n<h3>PER A QUI TREBALLEM<\/h3>\n<h4>Sectors industrials<\/h4>\n<ul>\n<li>Assessorament en m\u00fasica per a usos terap\u00e8utics i culturals.<\/li>\n<li>Disseny de so i creaci\u00f3 musical pel m\u00f3n audiovisual i expositiu.<\/li>\n<li>Confecci\u00f3 de kits pedag\u00f2gics: instruments <em>Baschet<\/em>.<\/li>\n<\/ul>\n<h3>RECERCA<\/h3>\n<h4>Projectes de recerca<\/h4>\n<ul>\n<li>Grup de recerca consolidat del Departament d\u2019Hist\u00f2ria de l\u2019art \u00ab<em>El otro siglo XIX<\/em>\u201d HAR 2010-16328\/HIST (des de 2010-fins a l&#8217;actualitat en GRACMON).<\/li>\n<li>Grup de recerca consolidat del Departament Hist\u00f2ria de l\u2019art \u00ab<em>M\u00fasica, tecnologia i pensament als segles XIX i XX<\/em>\u201d HAR 2011-23270 (des de 2011- fins a l\u2019actualitat).<\/li>\n<li>Grup de recerca consolidat d\u2019Hist\u00f2ria de l\u2019art \u00abGREGA\u201d HAR 2011-24212 (des de 2011- 2014).<\/li>\n<li>Grup de recerca <em>Athena Musica Gruppo di Estetica e Filosofia della musica del DAMS. Universit\u00e0 di Bologna en el grup de recerca<\/em>. (des de 2010- fins a l\u2019actualitat).<\/li>\n<li>Grup de recerca consolidat del Departament Hist\u00f2ria de l\u2019art \u00ab<em>M\u00fasica, tecnologia i pensament als segles XIX i XX<\/em>\u201d SGR (des de 2011- fins a l&#8217;actualitat)<\/li>\n<li>Grup de recerca consolidado \u00ab<em>Arte, Arquitectura y Nuevas Materialidades<\/em>\u00ab. Codi oficial HAR2014-59261-C2-1-P(des de 2014-2017).<\/li>\n<li>Grup de recerca \u201c<em>La m\u00fasica y la escucha de la TV infantil en el \u00e1mbito iberoamericano<\/em>.\u201dIP: Amparo Porta AECID Codi: A\/018075\/08. 2009 a 1\/1\/2010.<\/li>\n<\/ul>\n<h3>RESULTATS<\/h3>\n<h4>Publicacions rellevants<\/h4>\n<ul>\n<li>Gustems, J. (ed) (2013). <em>Creatividad y Educaci\u00f3n Musical: actualizaciones y contextos.<\/em> Barcelona: Dinsic.<\/li>\n<li>Gustems, J. (ed) (2013). <em>Arte y bienestar. Investigaci\u00f3n aplicada<\/em>. Barcelona: Publicacions i Edicions de la Universitat de Barcelona.<\/li>\n<li>Gustems, J. (coord) (2012). <em>M\u00fasica y Sonido en los audiovisuales<\/em>. Barcelona: Edicions de la Universitat de Barcelona.<\/li>\n<li>Manonelles, L. \u00ab<em>Productividades terap\u00e9uticas: La potencialidad del proceso creativo<\/em>\u00ab. Revista Arte, Individuo y Sociedad, n\u00ba especial Arte en contextos de salud, 2011.<\/li>\n<li>Manonelles, L. <em>Processos creatius i trastorns ps\u00edquics<\/em>, Publicacions de la UB, 2011.<\/li>\n<li>Polo, M<em>. L\u2019est\u00e8tica de la m\u00fasica<\/em>, Editorial UOC, Barcelona, 2007.<\/li>\n<li>Polo, M.<em> La m\u00fasica de los sentimientos<\/em>, 2a edici\u00f3n, Editum, Murcia, 2011.<\/li>\n<li>Polo, M. \u00ab<em>La experiencia est\u00e9tica como generadora de bienestar\u00bb<\/em>, Arte y bienestar. Investigaci\u00f3n aplicada (Josep Gustems ed.), Barcelona, Publicacions i Edicions UB, 2013.<\/li>\n<\/ul>\n","protected":false},"excerpt":{"rendered":"<p>Presentaci\u00f3 El grup de recerca Fon\u00e9 de la Universitat de Barcelona est\u00e0 integrat per un equip interdisciplinari que t\u00e9 al&#8230;<\/p>\n","protected":false},"author":1,"featured_media":3743,"parent":1469,"menu_order":0,"comment_status":"closed","ping_status":"closed","template":"page-grupsrecerca.php","meta":{"_acf_changed":false,"inline_featured_image":false,"_monsterinsights_skip_tracking":false,"_monsterinsights_sitenote_active":false,"_monsterinsights_sitenote_note":"","_monsterinsights_sitenote_category":0,"footnotes":""},"class_list":["post-2174","page","type-page","status-publish","has-post-thumbnail","hentry"],"acf":[],"_links":{"self":[{"href":"https:\/\/www.fbg.ub.edu\/es\/wp-json\/wp\/v2\/pages\/2174","targetHints":{"allow":["GET"]}}],"collection":[{"href":"https:\/\/www.fbg.ub.edu\/es\/wp-json\/wp\/v2\/pages"}],"about":[{"href":"https:\/\/www.fbg.ub.edu\/es\/wp-json\/wp\/v2\/types\/page"}],"author":[{"embeddable":true,"href":"https:\/\/www.fbg.ub.edu\/es\/wp-json\/wp\/v2\/users\/1"}],"replies":[{"embeddable":true,"href":"https:\/\/www.fbg.ub.edu\/es\/wp-json\/wp\/v2\/comments?post=2174"}],"version-history":[{"count":1,"href":"https:\/\/www.fbg.ub.edu\/es\/wp-json\/wp\/v2\/pages\/2174\/revisions"}],"predecessor-version":[{"id":3740,"href":"https:\/\/www.fbg.ub.edu\/es\/wp-json\/wp\/v2\/pages\/2174\/revisions\/3740"}],"up":[{"embeddable":true,"href":"https:\/\/www.fbg.ub.edu\/es\/wp-json\/wp\/v2\/pages\/1469"}],"wp:featuredmedia":[{"embeddable":true,"href":"https:\/\/www.fbg.ub.edu\/es\/wp-json\/wp\/v2\/media\/3743"}],"wp:attachment":[{"href":"https:\/\/www.fbg.ub.edu\/es\/wp-json\/wp\/v2\/media?parent=2174"}],"curies":[{"name":"wp","href":"https:\/\/api.w.org\/{rel}","templated":true}]}}