{"id":2116,"date":"2017-09-15T19:58:55","date_gmt":"2017-09-15T18:58:55","guid":{"rendered":"http:\/\/161.116.26.48\/investigadores\/grupos-investigacion-ub\/aqr-lab\/"},"modified":"2017-11-15T10:34:08","modified_gmt":"2017-11-15T09:34:08","slug":"aqr-lab","status":"publish","type":"page","link":"https:\/\/www.fbg.ub.edu\/es\/investigadores\/grupos-investigacion-ub\/aqr-lab\/","title":{"rendered":"Laboratori de Transfer\u00e8ncia en Economia Aplicada (AQR-LAB)"},"content":{"rendered":"<h3>Presentaci\u00f3<\/h3>\n<p>El Laboratori de transfer\u00e8ncia en Economia Aplicada (AQR-Lab) realitza tasques de d\u2019assessorament per a empreses i institucions p\u00fabliques i privades. Forma part del Departament d&#8217;Econometria, Estad\u00edstica i Economia Aplicada de la Universitat de Barcelona. AQR-Lab tamb\u00e9 forma part del Institut de Recerca en Economia Aplicada (IREA-UB).<\/p>\n<p>AQR\u2013Lab proporciona serveis a administracions p\u00fabliques i a empreses a trav\u00e9s d\u2019actuacions relacionades amb la transfer\u00e8ncia de coneixements. L\u2019objectiu \u00e9s resoldre problemes concrets de l\u2019economia i la societat amb els coneixements te\u00f2rics i aplicats, tot utilitzant t\u00e8cniques, models i m\u00e8todes espec\u00edfics.<\/p>\n<h3>QU\u00c8 FEM<\/h3>\n<h4>Serveis<\/h4>\n<p>Els serveis de transfer\u00e8ncia de coneixement que donar\u00e0 AQR-Lab s\u00f3n: Projectes i Convenis de col\u00b7laboraci\u00f3; Serveis de Formaci\u00f3 Especialitzada \u2013 Cursos de Formaci\u00f3; Suport estad\u00edstic i econom\u00e8tric a persones, institucions i empreses.<\/p>\n<h3>PER A QUI TREBALLEM<\/h3>\n<p><strong>Clients<\/strong><\/p>\n<p><em><strong>Privades<\/strong><\/em><br \/>\nAssociaci\u00f3 Catalana de Supermercats i Distribu\u00efdors (CAT-DIS)<br \/>\nAsociaci\u00f3n Espa\u00f1ola Emisora de Vales de Comida<br \/>\nBarcelona Serveis Municipals S.A.<br \/>\nCaixa Catalunya<br \/>\nCol.legi de Procuradors de Catalunya<br \/>\nEurovaloraciones, S.A<br \/>\nFoment de Terrassa, S.A.<br \/>\nFundaci\u00f3 Bosch i Gimpera.<br \/>\nFundaci\u00f3 MAPFRE<br \/>\n\u201cLa Caixa\u201d. La Caixa d\u2019Estalvis i Pensions de Barcelona<br \/>\nManpower Professional<br \/>\n<em><strong>P\u00fabliques<\/strong><\/em><br \/>\nUNESCO<br \/>\nOCDE<br \/>\nComissi\u00f3 Europea (Direcci\u00f3 General Afers Econ\u00f2mics i Financers i Direcci\u00f3 General de Recerca, ESPON).<br \/>\nParlament Europeu<br \/>\nEUROFOUND<br \/>\nGovern de la Rep\u00fablica Dominicana<br \/>\nGovern d&#8217;Espanya (Ministeris d&#8217;Ind\u00fastria, Educaci\u00f3 i Ci\u00e8ncia, Defensa).<br \/>\nGeneralitat de Catalunya (Departaments d&#8217;Economia i Finances, de Comer\u00e7, Turisme i Consum, de Pol\u00edtica Territorial i Obres P\u00fabliques i de Treball).<br \/>\nConselleria d&#8217;Economia del Govern Balear.<br \/>\nJunta d\u2019Andalusia<br \/>\nAgencia Catalana de Turisme<br \/>\nServei d&#8217;Ocupaci\u00f3 de Catalunya<br \/>\nCentre d&#8217;Innovaci\u00f3 i Desenvolupament-Empresarial (CIDEM), ACC1\u00d3-COPCA<br \/>\nTal\u00e8ncia<br \/>\nInstitut Catal\u00e0 de les Dones<br \/>\nInstitut d&#8217;Estad\u00edstica de Catalunya<br \/>\nDiputaci\u00f3 de Barcelona<br \/>\nDiputaci\u00f3 de Tarragona<br \/>\n\u00c0rea Metropolitana de Barcelona<br \/>\nPla Estrat\u00e8gic Metropolit\u00e0<br \/>\nConsells Comarcals<br \/>\nAjuntaments de Barcelona, de Figueres, de Matar\u00f3, de Montcada i Reixach, de Sant Cugat del Vall\u00e8s i de Vic<br \/>\nTurisme de Barcelona<br \/>\nBarcelona Activa<br \/>\nConsorci Localret<br \/>\nConsorci de la Zona Franca<br \/>\nConsorci per la Reforma de la Gran Via-Hospitalet<br \/>\nCambra Oficial de Comer\u00e7, Ind\u00fastria i Navegaci\u00f3 de Barcelona.<br \/>\nHospital General de la Vall d&#8217;Hebron<br \/>\nUniversitat de Barcelona<br \/>\nAutoritat Portu\u00e0ria de Barcelona<\/p>\n<h3>RECERCA<\/h3>\n<p><strong>L\u00ednies de recerca<\/strong><\/p>\n<ul>\n<li>Estudis d\u2019impacte econ\u00f2mic<\/li>\n<li>Prediccions i simulacions macroecon\u00f2miques i seguiment de la conjuntura econ\u00f2mica<\/li>\n<li>Indicadors estrat\u00e8gics d\u2019\u00e0mbit regional i urb\u00e0<\/li>\n<li>Mercat Laboral<\/li>\n<li>Butlletins econ\u00f2mics i socials<\/li>\n<li>An\u00e0lisis sectorials: comer\u00e7, turisme, sanitat, recerca, innovaci\u00f3 i autom\u00f2bil<\/li>\n<li>Avaluaci\u00f3 de pol\u00edtiques p\u00fabliques<\/li>\n<li>Actius intangibles en el creixement regional<\/li>\n<li>Rendiment-abandonament Universitari<\/li>\n<li>Disseny i explotaci\u00f3 d\u2019enquestes<\/li>\n<li>Fiscalitat- hisenda-local<\/li>\n<\/ul>\n<p>&nbsp;<\/p>\n","protected":false},"excerpt":{"rendered":"<p>Presentaci\u00f3 El Laboratori de transfer\u00e8ncia en Economia Aplicada (AQR-Lab) realitza tasques de d\u2019assessorament per a empreses i institucions p\u00fabliques i&#8230;<\/p>\n","protected":false},"author":1,"featured_media":3234,"parent":1469,"menu_order":0,"comment_status":"closed","ping_status":"closed","template":"page-grupsrecerca.php","meta":{"_acf_changed":false,"inline_featured_image":false,"_monsterinsights_skip_tracking":false,"_monsterinsights_sitenote_active":false,"_monsterinsights_sitenote_note":"","_monsterinsights_sitenote_category":0,"footnotes":""},"class_list":["post-2116","page","type-page","status-publish","has-post-thumbnail","hentry"],"acf":[],"_links":{"self":[{"href":"https:\/\/www.fbg.ub.edu\/es\/wp-json\/wp\/v2\/pages\/2116","targetHints":{"allow":["GET"]}}],"collection":[{"href":"https:\/\/www.fbg.ub.edu\/es\/wp-json\/wp\/v2\/pages"}],"about":[{"href":"https:\/\/www.fbg.ub.edu\/es\/wp-json\/wp\/v2\/types\/page"}],"author":[{"embeddable":true,"href":"https:\/\/www.fbg.ub.edu\/es\/wp-json\/wp\/v2\/users\/1"}],"replies":[{"embeddable":true,"href":"https:\/\/www.fbg.ub.edu\/es\/wp-json\/wp\/v2\/comments?post=2116"}],"version-history":[{"count":4,"href":"https:\/\/www.fbg.ub.edu\/es\/wp-json\/wp\/v2\/pages\/2116\/revisions"}],"predecessor-version":[{"id":3231,"href":"https:\/\/www.fbg.ub.edu\/es\/wp-json\/wp\/v2\/pages\/2116\/revisions\/3231"}],"up":[{"embeddable":true,"href":"https:\/\/www.fbg.ub.edu\/es\/wp-json\/wp\/v2\/pages\/1469"}],"wp:featuredmedia":[{"embeddable":true,"href":"https:\/\/www.fbg.ub.edu\/es\/wp-json\/wp\/v2\/media\/3234"}],"wp:attachment":[{"href":"https:\/\/www.fbg.ub.edu\/es\/wp-json\/wp\/v2\/media?parent=2116"}],"curies":[{"name":"wp","href":"https:\/\/api.w.org\/{rel}","templated":true}]}}